{"id":19847,"date":"2024-06-27T06:33:51","date_gmt":"2024-06-27T04:33:51","guid":{"rendered":"https:\/\/new.menjaactuaimpacta.org\/5-retos-para-la-alimentacion-saludable-y-sostenible\/"},"modified":"2024-08-09T14:09:46","modified_gmt":"2024-08-09T12:09:46","slug":"5-retos-para-la-alimentacion-saludable-y-sostenible","status":"publish","type":"page","link":"https:\/\/menjaactuaimpacta.org\/es\/5-retos-para-la-alimentacion-saludable-y-sostenible\/","title":{"rendered":"5 retos para la alimentaci\u00f3n saludable y sostenible"},"content":{"rendered":"<p>[et_pb_section fb_built=\u00bb1&#8243; _builder_version=\u00bb4.25.1&#8243; _module_preset=\u00bbdefault\u00bb background_color=\u00bb#0001b4&#8243; locked=\u00bboff\u00bb global_colors_info=\u00bb{}\u00bb][et_pb_row column_structure=\u00bb2_5,3_5&#8243; _builder_version=\u00bb4.25.1&#8243; _module_preset=\u00bbdefault\u00bb width=\u00bb100%\u00bb max_width=\u00bb1597px\u00bb global_colors_info=\u00bb{}\u00bb][et_pb_column type=\u00bb2_5&#8243; _builder_version=\u00bb4.25.1&#8243; _module_preset=\u00bbdefault\u00bb global_colors_info=\u00bb{}\u00bb][et_pb_image src=\u00bbhttps:\/\/menjaactuaimpacta.org\/wp-content\/uploads\/2024\/07\/MAI-5-reptes_EXPO_Blanc.png\u00bb title_text=\u00bbMAI 5 retos_EXPO_Blanco\u00bb align=\u00bbcenter\u00bb _builder_version=\u00bb4.25.1&#8243; _module_preset=\u00bbdefault\u00bb width=\u00bb80%\u00bb animation_style=\u00bbfade\u00bb global_colors_info=\u00bb{}\u00bb][\/et_pb_image][\/et_pb_column][et_pb_column type=\u00bb3_5&#8243; _builder_version=\u00bb4.25.1&#8243; _module_preset=\u00bbdefault\u00bb global_colors_info=\u00bb{}\u00bb][et_pb_text admin_label=\u00bbELS GRANS REPTESDE L\u2019ALIMENTACI\u00d3 SOSTENIBLE i SALUDABLE\u00bb _builder_version=\u00bb4.25.1&#8243; _module_preset=\u00bbdefault\u00bb text_font=\u00bbFormula Condensed Bold||||||||\u00bb text_text_color=\u00bb#FFFFFF\u00bb header_text_color=\u00bb#FFFFFF\u00bb header_font_size=\u00bb80px\u00bb custom_margin=\u00bb30px||||false|false\u00bb global_colors_info=\u00bb{}\u00bb]<\/p>\n<h1 class=\"has-white-color has-text-color wp-block-heading\">5 GRANDES RETOS<br \/>DE LA ALIMENTACI\u00d3N SOSTENIBLE y SALUDABLE<\/h1>\n<p>[\/et_pb_text][et_pb_text _builder_version=\u00bb4.25.1&#8243; _module_preset=\u00bbdefault\u00bb text_font=\u00bbRoboto|300|||||||\u00bb text_text_color=\u00bb#FFFFFF\u00bb header_font=\u00bb|300|||||||\u00bb hover_enabled=\u00bb0&#8243; global_colors_info=\u00bb{}\u00bb sticky_enabled=\u00bb0&#8243;]<\/p>\n<p>Te proponemos un viaje de descubrimiento de lo que hay detr\u00e1s de nuestra forma de alimentarnos. Profundizamos en los cinco grandes temas en los que podemos actuar para adoptar una alimentaci\u00f3n m\u00e1s saludable para las personas y el planeta. <\/p>\n<p><strong style=\"font-size: 150%;\">\u00bfQuieres saber cu\u00e1les son?<\/strong><\/p>\n<p>[\/et_pb_text][\/et_pb_column][\/et_pb_row][\/et_pb_section][et_pb_section fb_built=\u00bb1&#8243; admin_label=\u00bbSection REPTE 1 &#8211; MALBARATAMENT\u00bb _builder_version=\u00bb4.25.1&#8243; _module_preset=\u00bbdefault\u00bb background_color=\u00bb#fdb900&#8243; locked=\u00bboff\u00bb collapsed=\u00bbon\u00bb global_colors_info=\u00bb{}\u00bb][et_pb_row column_structure=\u00bb1_2,1_2&#8243; _builder_version=\u00bb4.25.1&#8243; _module_preset=\u00bbdefault\u00bb width=\u00bb100%\u00bb max_width=\u00bb1597px\u00bb global_colors_info=\u00bb{}\u00bb][et_pb_column type=\u00bb1_2&#8243; _builder_version=\u00bb4.25.1&#8243; _module_preset=\u00bbdefault\u00bb global_colors_info=\u00bb{}\u00bb][et_pb_text _builder_version=\u00bb4.25.1&#8243; _module_preset=\u00bbdefault\u00bb text_font=\u00bbRoboto|300|||||||\u00bb text_text_color=\u00bb#FFFFFF\u00bb text_font_size=\u00bb24px\u00bb header_font=\u00bb|300|||||||\u00bb global_colors_info=\u00bb{}\u00bb]<\/p>\n<p class=\"upperSectionSubtitle has-white-color has-text-color\"><strong>Reto 1<\/strong><\/p>\n<p>[\/et_pb_text][et_pb_text _builder_version=\u00bb4.25.1&#8243; _module_preset=\u00bbdefault\u00bb text_font=\u00bbFormula Condensed Bold||||||||\u00bb text_text_color=\u00bb#FFFFFF\u00bb text_font_size=\u00bb71px\u00bb header_font_size=\u00bb79px\u00bb background_layout=\u00bbdark\u00bb custom_margin=\u00bb||||false|false\u00bb global_colors_info=\u00bb{}\u00bb]<\/p>\n<h2 class=\"has-white-color has-text-color wp-block-heading\">DEBEMOS REDUCIR EL<br \/> DESARROLLO DE ALIMENTOS<\/h2>\n<p>[\/et_pb_text][et_pb_text _builder_version=\u00bb4.25.1&#8243; _module_preset=\u00bbdefault\u00bb text_font=\u00bbRoboto|300|||||||\u00bb text_text_color=\u00bb#FFFFFF\u00bb header_font=\u00bb|300|||||||\u00bb global_colors_info=\u00bb{}\u00bb]<\/p>\n<p>\u00bfNo es un contrasentido que en el mundo derrochemos 1\/3 de los alimentos que producimos mientras cerca de 1.000 millones de personas est\u00e1n mal alimentadas?<\/p>\n<p>\u00bfSabes que si el derroche fuera un pa\u00eds ser\u00eda el tercero del mundo en emisiones de CO2, el segundo en ocupaci\u00f3n de suelo agr\u00edcola y el primero en consumo de agua?\u2026 \u00a1Y todo esto se tira!!!<\/p>\n<p>\u00bfY sabes que la mitad de lo que tiramos lo hacemos en nuestros hogares?<\/p>\n<p>[\/et_pb_text][et_pb_button button_url=\u00bb@ET-DC@eyJkeW5hbWljIjp0cnVlLCJjb250ZW50IjoicG9zdF9saW5rX3VybF9wYWdlIiwic2V0dGluZ3MiOnsicG9zdF9pZCI6IjU3NSJ9fQ==@\u00bb button_text=\u00bbLeer m\u00e1s sobre desperdicio en el blog\u00bb _builder_version=\u00bb4.25.1&#8243; _dynamic_attributes=\u00bbbutton_url\u00bb _module_preset=\u00bbdefault\u00bb custom_button=\u00bbon\u00bb button_text_color=\u00bb#0001b4&#8243; button_bg_color=\u00bb#FFFFFF\u00bb button_border_color=\u00bb#FFFFFF\u00bb background_layout=\u00bbdark\u00bb global_colors_info=\u00bb{}\u00bb][\/et_pb_button][\/et_pb_column][et_pb_column type=\u00bb1_2&#8243; _builder_version=\u00bb4.25.1&#8243; _module_preset=\u00bbdefault\u00bb global_colors_info=\u00bb{}\u00bb][et_pb_image src=\u00bbhttps:\/\/menjaactuaimpacta.org\/wp-content\/uploads\/2024\/07\/Expo_reptes_malbaratament_alimentari.jpg\u00bb title_text=\u00bbExpo_retos_despilfarro_alimentario\u00bb _builder_version=\u00bb4.25.1&#8243; _module_preset=\u00bbdefault\u00bb global_colors_info=\u00bb{}\u00bb][\/et_pb_image][\/et_pb_column][\/et_pb_row][\/et_pb_section][et_pb_section fb_built=\u00bb1&#8243; admin_label=\u00bbSection REPTE 2 &#8211; CONSUM DE CARN \u00bb _builder_version=\u00bb4.25.1&#8243; _module_preset=\u00bbdefault\u00bb background_color=\u00bb#0001b4&#8243; locked=\u00bboff\u00bb collapsed=\u00bbon\u00bb global_colors_info=\u00bb{}\u00bb][et_pb_row column_structure=\u00bb1_2,1_2&#8243; _builder_version=\u00bb4.25.1&#8243; _module_preset=\u00bbdefault\u00bb width=\u00bb100%\u00bb max_width=\u00bb1597px\u00bb global_colors_info=\u00bb{}\u00bb][et_pb_column type=\u00bb1_2&#8243; _builder_version=\u00bb4.25.1&#8243; _module_preset=\u00bbdefault\u00bb global_colors_info=\u00bb{}\u00bb][et_pb_image src=\u00bbhttps:\/\/menjaactuaimpacta.org\/wp-content\/uploads\/2024\/07\/Expo_reptes_consum_carn.jpg\u00bb alt=\u00bbExpo_retos_consumo_carne\u00bb title_text=\u00bbExpo_retos_consumo_carne\u00bb _builder_version=\u00bb4.25.1&#8243; _module_preset=\u00bbdefault\u00bb global_colors_info=\u00bb{}\u00bb][\/et_pb_image][\/et_pb_column][et_pb_column type=\u00bb1_2&#8243; _builder_version=\u00bb4.25.1&#8243; _module_preset=\u00bbdefault\u00bb global_colors_info=\u00bb{}\u00bb][et_pb_text admin_label=\u00bbrepte 2&#8243; _builder_version=\u00bb4.25.1&#8243; _module_preset=\u00bbdefault\u00bb text_font=\u00bbRoboto|300|||||||\u00bb text_text_color=\u00bb#FFFFFF\u00bb text_font_size=\u00bb24px\u00bb header_font=\u00bb|300|||||||\u00bb global_colors_info=\u00bb{}\u00bb]<\/p>\n<p class=\"upperSectionSubtitle has-white-color has-text-color\"><strong>Reto 2<\/strong><\/p>\n<p>[\/et_pb_text][et_pb_text admin_label=\u00bbREDUIR CARN\u00bb _builder_version=\u00bb4.25.1&#8243; _module_preset=\u00bbdefault\u00bb text_font=\u00bbFormula Condensed Bold||||||||\u00bb text_text_color=\u00bb#FFFFFF\u00bb text_font_size=\u00bb71px\u00bb header_font_size=\u00bb79px\u00bb background_layout=\u00bbdark\u00bb custom_margin=\u00bb||||false|false\u00bb global_colors_info=\u00bb{}\u00bb]<\/p>\n<h2 class=\"has-white-color has-text-color wp-block-heading\">REDUCIR EL CONSUMO DE CARNE ES CLAVE PARA UN FUTURO SOSTENIBLE<\/h2>\n<p>[\/et_pb_text][et_pb_text _builder_version=\u00bb4.25.1&#8243; _module_preset=\u00bbdefault\u00bb text_font=\u00bbRoboto|300|||||||\u00bb text_text_color=\u00bb#FFFFFF\u00bb header_font=\u00bb|300|||||||\u00bb global_colors_info=\u00bb{}\u00bb]<\/p>\n<p>\u00bfSabes que la ganader\u00eda intensiva genera m\u00e1s emisiones de gases causantes del cambio clim\u00e1tico que todos los coches, camiones y aviones juntos? \u00bfSabes que para obtener 100 g de prote\u00edna animal es necesario 20 veces m\u00e1s tierra de cultivo que para obtener 100 g de prote\u00edna vegetal? <\/p>\n<p>\u00bfSabes que para alimentar al ganado de las granjas estamos talando bosques en todo el mundo para convirti\u00e9ndolos en tierras de cultivo para la producci\u00f3n de pienso?*<\/p>\n<p><em>* La ganader\u00eda extensiva tradicional no tiene este impacto negativo. De hecho, ayuda a la conservaci\u00f3n de espacios forestales y el paisaje. <\/em><\/p>\n<p>[\/et_pb_text][et_pb_button button_url=\u00bb@ET-DC@eyJkeW5hbWljIjp0cnVlLCJjb250ZW50IjoicG9zdF9saW5rX3VybF9wYWdlIiwic2V0dGluZ3MiOnsicG9zdF9pZCI6IjU3MCJ9fQ==@\u00bb button_text=\u00bbM\u00e1s informaci\u00f3n y recursos en el blog\u00bb _builder_version=\u00bb4.25.1&#8243; _dynamic_attributes=\u00bbbutton_url\u00bb _module_preset=\u00bbdefault\u00bb custom_button=\u00bbon\u00bb button_text_color=\u00bb#0001b4&#8243; button_bg_color=\u00bb#FFFFFF\u00bb background_layout=\u00bbdark\u00bb global_colors_info=\u00bb{}\u00bb][\/et_pb_button][\/et_pb_column][\/et_pb_row][\/et_pb_section][et_pb_section fb_built=\u00bb1&#8243; admin_label=\u00bbSection REPTE 3 &#8211; PROXIMITAT I TEMPORADA\u00bb _builder_version=\u00bb4.25.1&#8243; _module_preset=\u00bbdefault\u00bb background_color=\u00bb#fdb900&#8243; locked=\u00bboff\u00bb collapsed=\u00bbon\u00bb global_colors_info=\u00bb{}\u00bb][et_pb_row column_structure=\u00bb1_2,1_2&#8243; _builder_version=\u00bb4.25.1&#8243; _module_preset=\u00bbdefault\u00bb width=\u00bb100%\u00bb max_width=\u00bb1597px\u00bb global_colors_info=\u00bb{}\u00bb][et_pb_column type=\u00bb1_2&#8243; _builder_version=\u00bb4.25.1&#8243; _module_preset=\u00bbdefault\u00bb global_colors_info=\u00bb{}\u00bb][et_pb_text _builder_version=\u00bb4.25.1&#8243; _module_preset=\u00bbdefault\u00bb text_font=\u00bbRoboto|300|||||||\u00bb text_text_color=\u00bb#FFFFFF\u00bb text_font_size=\u00bb24px\u00bb header_font=\u00bb|300|||||||\u00bb global_colors_info=\u00bb{}\u00bb]<\/p>\n<p class=\"upperSectionSubtitle has-white-color has-text-color\"><strong>Reto 3<\/strong><\/p>\n<p>[\/et_pb_text][et_pb_text _builder_version=\u00bb4.25.1&#8243; _module_preset=\u00bbdefault\u00bb text_font=\u00bbFormula Condensed Bold||||||||\u00bb text_text_color=\u00bb#FFFFFF\u00bb text_font_size=\u00bb71px\u00bb header_font_size=\u00bb79px\u00bb background_layout=\u00bbdark\u00bb custom_margin=\u00bb||||false|false\u00bb global_colors_info=\u00bb{}\u00bb]<\/p>\n<h2 class=\"has-white-color has-text-color wp-block-heading\">DE PROXIMIDAD, DE TEMPORADA\u2026<br \/> Y DE CULTIVO SOSTENIBLE<\/h2>\n<p>[\/et_pb_text][et_pb_text _builder_version=\u00bb4.25.1&#8243; _module_preset=\u00bbdefault\u00bb text_font=\u00bbRoboto|300|||||||\u00bb text_text_color=\u00bb#FFFFFF\u00bb header_font=\u00bb|300|||||||\u00bb global_colors_info=\u00bb{}\u00bb]<\/p>\n<p>\u00bfEres consciente de los kil\u00f3metros que recorren los alimentos antes de que lleguen a tu plato? \u00bfSabes que muchos de los que vienen del otro extremo del mundo los tenemos al alcance mucho m\u00e1s cerca? \u00bfTiene sentido que consumimos en invierno productos que s\u00f3lo se pueden cultivar cuando hace calor?  <\/p>\n<p>\u00bfSabes lo que supone todo esto en emisiones de CO2 y en impacto sobre la agricultura local?<\/p>\n<p>A la hora de comprar, \u00bftienes en cuenta el origen de los alimentos y que se hayan producido respetando nuestra salud y la del medio ambiente?<\/p>\n<p>[\/et_pb_text][et_pb_button button_url=\u00bb@ET-DC@eyJkeW5hbWljIjp0cnVlLCJjb250ZW50IjoicG9zdF9saW5rX3VybF9wYWdlIiwic2V0dGluZ3MiOnsicG9zdF9pZCI6IjU3NSJ9fQ==@\u00bb button_text=\u00bbConsulta el blog para m\u00e1s info sobre el tema\u00bb _builder_version=\u00bb4.25.1&#8243; _dynamic_attributes=\u00bbbutton_url\u00bb _module_preset=\u00bbdefault\u00bb custom_button=\u00bbon\u00bb button_text_color=\u00bb#0001b4&#8243; button_bg_color=\u00bb#FFFFFF\u00bb button_border_color=\u00bb#FFFFFF\u00bb background_layout=\u00bbdark\u00bb global_colors_info=\u00bb{}\u00bb][\/et_pb_button][\/et_pb_column][et_pb_column type=\u00bb1_2&#8243; _builder_version=\u00bb4.25.1&#8243; _module_preset=\u00bbdefault\u00bb global_colors_info=\u00bb{}\u00bb][et_pb_image src=\u00bbhttps:\/\/menjaactuaimpacta.org\/wp-content\/uploads\/2024\/07\/Expo_reptes_proximitat_temporada.jpg\u00bb title_text=\u00bbExpo_retos_proximidad_temporada\u00bb _builder_version=\u00bb4.25.1&#8243; _module_preset=\u00bbdefault\u00bb global_colors_info=\u00bb{}\u00bb][\/et_pb_image][\/et_pb_column][\/et_pb_row][\/et_pb_section][et_pb_section fb_built=\u00bb1&#8243; admin_label=\u00bbSection REPTE 4 &#8211; MENYS ULTRAPROCESSATS \u00bb _builder_version=\u00bb4.25.1&#8243; _module_preset=\u00bbdefault\u00bb background_color=\u00bb#0001b4&#8243; locked=\u00bboff\u00bb collapsed=\u00bbon\u00bb global_colors_info=\u00bb{}\u00bb][et_pb_row column_structure=\u00bb1_2,1_2&#8243; _builder_version=\u00bb4.25.1&#8243; _module_preset=\u00bbdefault\u00bb width=\u00bb100%\u00bb max_width=\u00bb1597px\u00bb global_colors_info=\u00bb{}\u00bb][et_pb_column type=\u00bb1_2&#8243; _builder_version=\u00bb4.25.1&#8243; _module_preset=\u00bbdefault\u00bb global_colors_info=\u00bb{}\u00bb][et_pb_image src=\u00bbhttps:\/\/menjaactuaimpacta.org\/wp-content\/uploads\/2024\/07\/Expo_reptes_ultraprocessats.jpg\u00bb alt=\u00bbExpo_retos_consumo_carne\u00bb title_text=\u00bbExpo_retos_ultraprocesados\u00bb _builder_version=\u00bb4.25.1&#8243; _module_preset=\u00bbdefault\u00bb global_colors_info=\u00bb{}\u00bb][\/et_pb_image][\/et_pb_column][et_pb_column type=\u00bb1_2&#8243; _builder_version=\u00bb4.25.1&#8243; _module_preset=\u00bbdefault\u00bb global_colors_info=\u00bb{}\u00bb][et_pb_text admin_label=\u00bbrepte 4&#8243; _builder_version=\u00bb4.25.1&#8243; _module_preset=\u00bbdefault\u00bb text_font=\u00bbRoboto|300|||||||\u00bb text_text_color=\u00bb#FFFFFF\u00bb text_font_size=\u00bb24px\u00bb header_font=\u00bb|300|||||||\u00bb global_colors_info=\u00bb{}\u00bb]<\/p>\n<p class=\"upperSectionSubtitle has-white-color has-text-color\"><strong>Reto 4<\/strong><\/p>\n<p>[\/et_pb_text][et_pb_text admin_label=\u00bbultraprocessats\u00bb _builder_version=\u00bb4.25.1&#8243; _module_preset=\u00bbdefault\u00bb text_font=\u00bbFormula Condensed Bold||||||||\u00bb text_text_color=\u00bb#FFFFFF\u00bb text_font_size=\u00bb71px\u00bb header_font_size=\u00bb79px\u00bb background_layout=\u00bbdark\u00bb custom_margin=\u00bb||||false|false\u00bb global_colors_info=\u00bb{}\u00bb]<\/p>\n<h2 class=\"has-white-color has-text-color wp-block-heading\">\u00a1M\u00c1S ALIMENTOS FRESCOS!<br \/>MENOS ULTRAPROCESADOS!<\/h2>\n<p>[\/et_pb_text][et_pb_text _builder_version=\u00bb4.25.1&#8243; _module_preset=\u00bbdefault\u00bb text_font=\u00bbRoboto|300|||||||\u00bb text_text_color=\u00bb#FFFFFF\u00bb header_font=\u00bb|300|||||||\u00bb global_colors_info=\u00bb{}\u00bb]<\/p>\n<p>\u00bfSabes que los productos ultraprocesados \u200b\u200btienen elevados contenidos de sal, az\u00facar, grasas, conservantes y otros aditivos? \u00bfSabes que su consumo continuado puede tener efectos nocivos en la salud? <\/p>\n<p>\u00bfSabes que en los \u00faltimos a\u00f1os las dietas ricas en alimentos frescos, como el mediterr\u00e1neo, est\u00e1n siendo sustituidas por una nueva dieta basada en un elevado consumo de carne y productos ultraprocesados?<\/p>\n<p>\u00bfEres consciente del impacto que tiene esa dieta en nuestra salud y en la del planeta?<\/p>\n<p>[\/et_pb_text][et_pb_button button_url=\u00bb@ET-DC@eyJkeW5hbWljIjp0cnVlLCJjb250ZW50IjoicG9zdF9saW5rX3VybF9wYWdlIiwic2V0dGluZ3MiOnsicG9zdF9pZCI6IjU3MCJ9fQ==@\u00bb button_text=\u00bbM\u00e1s sobre ultraprocesados \u200b\u200ben el blog\u00bb _builder_version=\u00bb4.25.1&#8243; _dynamic_attributes=\u00bbbutton_url\u00bb _module_preset=\u00bbdefault\u00bb custom_button=\u00bbon\u00bb button_text_color=\u00bb#0001b4&#8243; button_bg_color=\u00bb#FFFFFF\u00bb background_layout=\u00bbdark\u00bb global_colors_info=\u00bb{}\u00bb][\/et_pb_button][\/et_pb_column][\/et_pb_row][\/et_pb_section][et_pb_section fb_built=\u00bb1&#8243; admin_label=\u00bbSection REPTE 5 &#8211; PL\u00c0STICS\u00bb _builder_version=\u00bb4.25.1&#8243; _module_preset=\u00bbdefault\u00bb background_color=\u00bb#fdb900&#8243; locked=\u00bboff\u00bb collapsed=\u00bbon\u00bb global_colors_info=\u00bb{}\u00bb][et_pb_row column_structure=\u00bb1_2,1_2&#8243; _builder_version=\u00bb4.25.1&#8243; _module_preset=\u00bbdefault\u00bb width=\u00bb100%\u00bb max_width=\u00bb1597px\u00bb global_colors_info=\u00bb{}\u00bb][et_pb_column type=\u00bb1_2&#8243; _builder_version=\u00bb4.25.1&#8243; _module_preset=\u00bbdefault\u00bb global_colors_info=\u00bb{}\u00bb][et_pb_text _builder_version=\u00bb4.25.1&#8243; _module_preset=\u00bbdefault\u00bb text_font=\u00bbRoboto|300|||||||\u00bb text_text_color=\u00bb#FFFFFF\u00bb text_font_size=\u00bb24px\u00bb header_font=\u00bb|300|||||||\u00bb global_colors_info=\u00bb{}\u00bb]<\/p>\n<p class=\"upperSectionSubtitle has-white-color has-text-color\"><strong>Reto 5<\/strong><\/p>\n<p>[\/et_pb_text][et_pb_text _builder_version=\u00bb4.25.1&#8243; _module_preset=\u00bbdefault\u00bb text_font=\u00bbFormula Condensed Bold||||||||\u00bb text_text_color=\u00bb#FFFFFF\u00bb text_font_size=\u00bb71px\u00bb header_font_size=\u00bb79px\u00bb background_layout=\u00bbdark\u00bb custom_margin=\u00bb||||false|false\u00bb global_colors_info=\u00bb{}\u00bb]<\/p>\n<h2 class=\"has-white-color has-text-color wp-block-heading\">DEBEMOS REDUCIR<br \/> \u00a1EL CONSUMO DE PL\u00c1STICO!<\/h2>\n<p>[\/et_pb_text][et_pb_text _builder_version=\u00bb4.25.1&#8243; _module_preset=\u00bbdefault\u00bb text_font=\u00bbRoboto|300|||||||\u00bb text_text_color=\u00bb#FFFFFF\u00bb header_font=\u00bb|300|||||||\u00bb global_colors_info=\u00bb{}\u00bb]<\/p>\n<p>\u00bfSabes que la alimentaci\u00f3n consume m\u00e1s del 30% del pl\u00e1stico fabricado? \u00bfY que normalmente es pl\u00e1stico de un solo uso que, en buena parte, termina en el mar? \u00bfSabes que la mayor\u00eda de pl\u00e1sticos nunca desaparecen, que s\u00f3lo se degradan en part\u00edculas m\u00e1s peque\u00f1as?  <\/p>\n<p>\u00bfEres consciente del grave impacto que esto causa en la vida de aves, mam\u00edferos marinos y peces? \u00bfSabes que, como resultado, los humanos ya estamos ingiriendo una media de 5 g de micropl\u00e1sticos cada semana, el equivalente a una tarjeta de cr\u00e9dito? <\/p>\n<p>[\/et_pb_text][et_pb_button button_url=\u00bb@ET-DC@eyJkeW5hbWljIjp0cnVlLCJjb250ZW50IjoicG9zdF9saW5rX3VybF9wYWdlIiwic2V0dGluZ3MiOnsicG9zdF9pZCI6IjU3NSJ9fQ==@\u00bb button_text=\u00bbLeer m\u00e1s sobre los pl\u00e1sticos en el blog\u00bb _builder_version=\u00bb4.25.1&#8243; _dynamic_attributes=\u00bbbutton_url\u00bb _module_preset=\u00bbdefault\u00bb custom_button=\u00bbon\u00bb button_text_color=\u00bb#0001b4&#8243; button_bg_color=\u00bb#FFFFFF\u00bb button_border_color=\u00bb#FFFFFF\u00bb background_layout=\u00bbdark\u00bb global_colors_info=\u00bb{}\u00bb][\/et_pb_button][\/et_pb_column][et_pb_column type=\u00bb1_2&#8243; _builder_version=\u00bb4.25.1&#8243; _module_preset=\u00bbdefault\u00bb global_colors_info=\u00bb{}\u00bb][et_pb_image src=\u00bbhttps:\/\/menjaactuaimpacta.org\/wp-content\/uploads\/2024\/07\/Expo_reptes_plastics.jpg\u00bb title_text=\u00bbExpo_retos_pl\u00e1sticos\u00bb _builder_version=\u00bb4.25.1&#8243; _module_preset=\u00bbdefault\u00bb global_colors_info=\u00bb{}\u00bb][\/et_pb_image][\/et_pb_column][\/et_pb_row][\/et_pb_section][et_pb_section fb_built=\u00bb1&#8243; _builder_version=\u00bb4.25.1&#8243; _module_preset=\u00bbdefault\u00bb global_colors_info=\u00bb{}\u00bb][et_pb_row _builder_version=\u00bb4.25.1&#8243; _module_preset=\u00bbdefault\u00bb global_colors_info=\u00bb{}\u00bb][et_pb_column type=\u00bb4_4&#8243; _builder_version=\u00bb4.25.1&#8243; _module_preset=\u00bbdefault\u00bb global_colors_info=\u00bb{}\u00bb][et_pb_button button_url=\u00bb@ET-DC@eyJkeW5hbWljIjp0cnVlLCJjb250ZW50IjoicG9zdF9saW5rX3VybF9wYWdlIiwic2V0dGluZ3MiOnsicG9zdF9pZCI6IjU3NSJ9fQ==@\u00bb button_text=\u00bb\u00a1Explora contenidos en el blog y pasa a la acci\u00f3n!\u00bb _builder_version=\u00bb4.25.1&#8243; _dynamic_attributes=\u00bbbutton_url\u00bb _module_preset=\u00bbeae2b7c0-89eb-4d9a-ab41-91abfc0231e6&#8243; global_colors_info=\u00bb{}\u00bb][\/et_pb_button][\/et_pb_column][\/et_pb_row][\/et_pb_section]<\/p>\n","protected":false},"excerpt":{"rendered":"<p>5 GRANDES RETOSDE LA ALIMENTACI\u00d3N SOSTENIBLE y SALUDABLETe proponemos un viaje de descubrimiento de lo que hay detr\u00e1s de nuestra forma de alimentarnos. Profundizamos en los cinco grandes temas en los que podemos actuar para adoptar una alimentaci\u00f3n m\u00e1s saludable para las personas y el planeta. \u00bfQuieres saber cu\u00e1les son?Reto 1DEBEMOS REDUCIR EL DESARROLLO DE [&hellip;]<\/p>\n","protected":false},"author":1,"featured_media":0,"parent":0,"menu_order":0,"comment_status":"closed","ping_status":"closed","template":"","meta":{"_et_pb_use_builder":"on","_et_pb_old_content":"","_et_gb_content_width":"","footnotes":""},"class_list":["post-19847","page","type-page","status-publish","hentry"],"yoast_head":"<!-- This site is optimized with the Yoast SEO plugin v27.5 - https:\/\/yoast.com\/product\/yoast-seo-wordpress\/ -->\n<title>5 retos para la alimentaci\u00f3n saludable y sostenible - Menja Actua Impacta<\/title>\n<meta name=\"robots\" content=\"index, follow, max-snippet:-1, max-image-preview:large, max-video-preview:-1\" \/>\n<link rel=\"canonical\" href=\"https:\/\/menjaactuaimpacta.org\/es\/5-retos-para-la-alimentacion-saludable-y-sostenible\/\" \/>\n<meta property=\"og:locale\" content=\"es_ES\" \/>\n<meta property=\"og:type\" content=\"article\" \/>\n<meta property=\"og:title\" content=\"5 retos para la alimentaci\u00f3n saludable y sostenible - Menja Actua Impacta\" \/>\n<meta property=\"og:description\" content=\"5 GRANDES RETOSDE LA ALIMENTACI\u00d3N SOSTENIBLE y SALUDABLETe proponemos un viaje de descubrimiento de lo que hay detr\u00e1s de nuestra forma de alimentarnos. Profundizamos en los cinco grandes temas en los que podemos actuar para adoptar una alimentaci\u00f3n m\u00e1s saludable para las personas y el planeta. \u00bfQuieres saber cu\u00e1les son?Reto 1DEBEMOS REDUCIR EL DESARROLLO DE [&hellip;]\" \/>\n<meta property=\"og:url\" content=\"https:\/\/menjaactuaimpacta.org\/es\/5-retos-para-la-alimentacion-saludable-y-sostenible\/\" \/>\n<meta property=\"og:site_name\" content=\"Menja Actua Impacta\" \/>\n<meta property=\"article:modified_time\" content=\"2024-08-09T12:09:46+00:00\" \/>\n<meta name=\"twitter:card\" content=\"summary_large_image\" \/>\n<meta name=\"twitter:label1\" content=\"Tiempo de lectura\" \/>\n\t<meta name=\"twitter:data1\" content=\"11 minutos\" \/>\n<script type=\"application\/ld+json\" class=\"yoast-schema-graph\">{\"@context\":\"https:\\\/\\\/schema.org\",\"@graph\":[{\"@type\":\"WebPage\",\"@id\":\"https:\\\/\\\/menjaactuaimpacta.org\\\/es\\\/5-retos-para-la-alimentacion-saludable-y-sostenible\\\/\",\"url\":\"https:\\\/\\\/menjaactuaimpacta.org\\\/es\\\/5-retos-para-la-alimentacion-saludable-y-sostenible\\\/\",\"name\":\"5 retos para la alimentaci\u00f3n saludable y sostenible - Menja Actua Impacta\",\"isPartOf\":{\"@id\":\"https:\\\/\\\/menjaactuaimpacta.org\\\/es\\\/#website\"},\"datePublished\":\"2024-06-27T04:33:51+00:00\",\"dateModified\":\"2024-08-09T12:09:46+00:00\",\"breadcrumb\":{\"@id\":\"https:\\\/\\\/menjaactuaimpacta.org\\\/es\\\/5-retos-para-la-alimentacion-saludable-y-sostenible\\\/#breadcrumb\"},\"inLanguage\":\"es\",\"potentialAction\":[{\"@type\":\"ReadAction\",\"target\":[\"https:\\\/\\\/menjaactuaimpacta.org\\\/es\\\/5-retos-para-la-alimentacion-saludable-y-sostenible\\\/\"]}]},{\"@type\":\"BreadcrumbList\",\"@id\":\"https:\\\/\\\/menjaactuaimpacta.org\\\/es\\\/5-retos-para-la-alimentacion-saludable-y-sostenible\\\/#breadcrumb\",\"itemListElement\":[{\"@type\":\"ListItem\",\"position\":1,\"name\":\"Inici\",\"item\":\"https:\\\/\\\/menjaactuaimpacta.org\\\/es\\\/\"},{\"@type\":\"ListItem\",\"position\":2,\"name\":\"5 retos para la alimentaci\u00f3n saludable y sostenible\"}]},{\"@type\":\"WebSite\",\"@id\":\"https:\\\/\\\/menjaactuaimpacta.org\\\/es\\\/#website\",\"url\":\"https:\\\/\\\/menjaactuaimpacta.org\\\/es\\\/\",\"name\":\"Menja Actua Impacta\",\"description\":\"\",\"publisher\":{\"@id\":\"https:\\\/\\\/menjaactuaimpacta.org\\\/es\\\/#organization\"},\"potentialAction\":[{\"@type\":\"SearchAction\",\"target\":{\"@type\":\"EntryPoint\",\"urlTemplate\":\"https:\\\/\\\/menjaactuaimpacta.org\\\/es\\\/?s={search_term_string}\"},\"query-input\":{\"@type\":\"PropertyValueSpecification\",\"valueRequired\":true,\"valueName\":\"search_term_string\"}}],\"inLanguage\":\"es\"},{\"@type\":\"Organization\",\"@id\":\"https:\\\/\\\/menjaactuaimpacta.org\\\/es\\\/#organization\",\"name\":\"Menja Actua Impacta\",\"url\":\"https:\\\/\\\/menjaactuaimpacta.org\\\/es\\\/\",\"logo\":{\"@type\":\"ImageObject\",\"inLanguage\":\"es\",\"@id\":\"https:\\\/\\\/menjaactuaimpacta.org\\\/es\\\/#\\\/schema\\\/logo\\\/image\\\/\",\"url\":\"https:\\\/\\\/menjaactuaimpacta.org\\\/wp-content\\\/uploads\\\/2024\\\/06\\\/Imagen-menja-actua-impacta.png\",\"contentUrl\":\"https:\\\/\\\/menjaactuaimpacta.org\\\/wp-content\\\/uploads\\\/2024\\\/06\\\/Imagen-menja-actua-impacta.png\",\"width\":933,\"height\":784,\"caption\":\"Menja Actua Impacta\"},\"image\":{\"@id\":\"https:\\\/\\\/menjaactuaimpacta.org\\\/es\\\/#\\\/schema\\\/logo\\\/image\\\/\"}}]}<\/script>\n<!-- \/ Yoast SEO plugin. -->","yoast_head_json":{"title":"5 retos para la alimentaci\u00f3n saludable y sostenible - Menja Actua Impacta","robots":{"index":"index","follow":"follow","max-snippet":"max-snippet:-1","max-image-preview":"max-image-preview:large","max-video-preview":"max-video-preview:-1"},"canonical":"https:\/\/menjaactuaimpacta.org\/es\/5-retos-para-la-alimentacion-saludable-y-sostenible\/","og_locale":"es_ES","og_type":"article","og_title":"5 retos para la alimentaci\u00f3n saludable y sostenible - Menja Actua Impacta","og_description":"5 GRANDES RETOSDE LA ALIMENTACI\u00d3N SOSTENIBLE y SALUDABLETe proponemos un viaje de descubrimiento de lo que hay detr\u00e1s de nuestra forma de alimentarnos. Profundizamos en los cinco grandes temas en los que podemos actuar para adoptar una alimentaci\u00f3n m\u00e1s saludable para las personas y el planeta. \u00bfQuieres saber cu\u00e1les son?Reto 1DEBEMOS REDUCIR EL DESARROLLO DE [&hellip;]","og_url":"https:\/\/menjaactuaimpacta.org\/es\/5-retos-para-la-alimentacion-saludable-y-sostenible\/","og_site_name":"Menja Actua Impacta","article_modified_time":"2024-08-09T12:09:46+00:00","twitter_card":"summary_large_image","twitter_misc":{"Tiempo de lectura":"11 minutos"},"schema":{"@context":"https:\/\/schema.org","@graph":[{"@type":"WebPage","@id":"https:\/\/menjaactuaimpacta.org\/es\/5-retos-para-la-alimentacion-saludable-y-sostenible\/","url":"https:\/\/menjaactuaimpacta.org\/es\/5-retos-para-la-alimentacion-saludable-y-sostenible\/","name":"5 retos para la alimentaci\u00f3n saludable y sostenible - Menja Actua Impacta","isPartOf":{"@id":"https:\/\/menjaactuaimpacta.org\/es\/#website"},"datePublished":"2024-06-27T04:33:51+00:00","dateModified":"2024-08-09T12:09:46+00:00","breadcrumb":{"@id":"https:\/\/menjaactuaimpacta.org\/es\/5-retos-para-la-alimentacion-saludable-y-sostenible\/#breadcrumb"},"inLanguage":"es","potentialAction":[{"@type":"ReadAction","target":["https:\/\/menjaactuaimpacta.org\/es\/5-retos-para-la-alimentacion-saludable-y-sostenible\/"]}]},{"@type":"BreadcrumbList","@id":"https:\/\/menjaactuaimpacta.org\/es\/5-retos-para-la-alimentacion-saludable-y-sostenible\/#breadcrumb","itemListElement":[{"@type":"ListItem","position":1,"name":"Inici","item":"https:\/\/menjaactuaimpacta.org\/es\/"},{"@type":"ListItem","position":2,"name":"5 retos para la alimentaci\u00f3n saludable y sostenible"}]},{"@type":"WebSite","@id":"https:\/\/menjaactuaimpacta.org\/es\/#website","url":"https:\/\/menjaactuaimpacta.org\/es\/","name":"Menja Actua Impacta","description":"","publisher":{"@id":"https:\/\/menjaactuaimpacta.org\/es\/#organization"},"potentialAction":[{"@type":"SearchAction","target":{"@type":"EntryPoint","urlTemplate":"https:\/\/menjaactuaimpacta.org\/es\/?s={search_term_string}"},"query-input":{"@type":"PropertyValueSpecification","valueRequired":true,"valueName":"search_term_string"}}],"inLanguage":"es"},{"@type":"Organization","@id":"https:\/\/menjaactuaimpacta.org\/es\/#organization","name":"Menja Actua Impacta","url":"https:\/\/menjaactuaimpacta.org\/es\/","logo":{"@type":"ImageObject","inLanguage":"es","@id":"https:\/\/menjaactuaimpacta.org\/es\/#\/schema\/logo\/image\/","url":"https:\/\/menjaactuaimpacta.org\/wp-content\/uploads\/2024\/06\/Imagen-menja-actua-impacta.png","contentUrl":"https:\/\/menjaactuaimpacta.org\/wp-content\/uploads\/2024\/06\/Imagen-menja-actua-impacta.png","width":933,"height":784,"caption":"Menja Actua Impacta"},"image":{"@id":"https:\/\/menjaactuaimpacta.org\/es\/#\/schema\/logo\/image\/"}}]}},"_links":{"self":[{"href":"https:\/\/menjaactuaimpacta.org\/es\/wp-json\/wp\/v2\/pages\/19847","targetHints":{"allow":["GET"]}}],"collection":[{"href":"https:\/\/menjaactuaimpacta.org\/es\/wp-json\/wp\/v2\/pages"}],"about":[{"href":"https:\/\/menjaactuaimpacta.org\/es\/wp-json\/wp\/v2\/types\/page"}],"author":[{"embeddable":true,"href":"https:\/\/menjaactuaimpacta.org\/es\/wp-json\/wp\/v2\/users\/1"}],"replies":[{"embeddable":true,"href":"https:\/\/menjaactuaimpacta.org\/es\/wp-json\/wp\/v2\/comments?post=19847"}],"version-history":[{"count":2,"href":"https:\/\/menjaactuaimpacta.org\/es\/wp-json\/wp\/v2\/pages\/19847\/revisions"}],"predecessor-version":[{"id":19849,"href":"https:\/\/menjaactuaimpacta.org\/es\/wp-json\/wp\/v2\/pages\/19847\/revisions\/19849"}],"wp:attachment":[{"href":"https:\/\/menjaactuaimpacta.org\/es\/wp-json\/wp\/v2\/media?parent=19847"}],"curies":[{"name":"wp","href":"https:\/\/api.w.org\/{rel}","templated":true}]}}